{"id":12003,"date":"2024-09-17T16:48:07","date_gmt":"2024-09-17T14:48:07","guid":{"rendered":"https:\/\/les-formations-pocheco.com\/?post_type=tribe_events&#038;p=12003"},"modified":"2024-09-17T16:49:38","modified_gmt":"2024-09-17T14:49:38","slug":"12003","status":"publish","type":"tribe_events","link":"https:\/\/les-formations-pocheco.com\/index.php\/event\/12003\/","title":{"rendered":"Mobiliser les \u00e9quipes pour une transition r\u00e9ussie &#8211; 2 jours"},"content":{"rendered":"<style>.tribe-events-event-image{display:none}<\/style>\n<p><img fetchpriority=\"high\" decoding=\"async\" class=\"size-medium wp-image-8475 aligncenter\" src=\"https:\/\/les-formations-pocheco.com\/wp-content\/uploads\/2023\/03\/PICTO-MOBILISATION-COLLECTIVE-300x300.png\" alt=\"PictoMobilsation\" width=\"300\" height=\"300\" \/><\/p>\n<p style=\"text-align: center;\">La mobilisation collective permet d&rsquo;impliquer les \u00e9quipes d\u00e8s le commencement d&rsquo;un projet de transition pour en faire des acteurs cl\u00e9s de la d\u00e9marche environnementale de l&rsquo;entreprise. Parce que le changement se fera par et pour les salari\u00e9s, nous lib\u00e9rons la cr\u00e9ativit\u00e9 des \u00e9quipes pour imaginer l&rsquo;entreprise de demain. Cette approche est utile pour aider \u00e0 diagnostiquer le contexte de l&rsquo;activit\u00e9, identifier ses enjeux et engager la transformation de l&rsquo;entreprise sur le long terme.<\/p>\n<p><a href=\"https:\/\/les-formations-pocheco.com\/wp-content\/uploads\/2023\/12\/presentation-mobiliser-simplifiee-2.pdf\">En savoir plus<\/a><br \/>\n&nbsp;<\/p>\n<h3 style=\"text-align: center; color: #a6b340;\"><strong>Contactez-nous d\u00e8s maintenant pour vous inscrire !<\/strong><\/h3>\n<p style=\"text-align: center;\"><div class=\"wpforms-container \" id=\"wpforms-11281\"><form id=\"wpforms-form-11281\" class=\"wpforms-validate wpforms-form wpforms-ajax-form\" data-formid=\"11281\" method=\"post\" enctype=\"multipart\/form-data\" action=\"\/index.php\/wp-json\/wp\/v2\/tribe_events\/12003\" data-token=\"273009eecfdff9522ede44765f1099b0\"><noscript class=\"wpforms-error-noscript\">Veuillez activer JavaScript dans votre navigateur pour remplir ce formulaire.<\/noscript><div class=\"wpforms-field-container\"><div id=\"wpforms-11281-field_0-container\" class=\"wpforms-field wpforms-field-name\" data-field-id=\"0\"><label class=\"wpforms-field-label\" for=\"wpforms-11281-field_0\">Qui \u00eates-vous ? <span class=\"wpforms-required-label\">*<\/span><\/label><div class=\"wpforms-field-row wpforms-field-medium\"><div class=\"wpforms-field-row-block wpforms-first wpforms-one-half\"><input type=\"text\" id=\"wpforms-11281-field_0\" class=\"wpforms-field-name-first wpforms-field-required\" name=\"wpforms[fields][0][first]\" placeholder=\"Pr\u00e9nom\" required><label for=\"wpforms-11281-field_0\" class=\"wpforms-field-sublabel after wpforms-sublabel-hide\">Pr\u00e9nom<\/label><\/div><div class=\"wpforms-field-row-block wpforms-one-half\"><input type=\"text\" id=\"wpforms-11281-field_0-last\" class=\"wpforms-field-name-last wpforms-field-required\" name=\"wpforms[fields][0][last]\" placeholder=\"Nom\" required><label for=\"wpforms-11281-field_0-last\" class=\"wpforms-field-sublabel after wpforms-sublabel-hide\">Nom<\/label><\/div><\/div><\/div><div id=\"wpforms-11281-field_4-container\" class=\"wpforms-field wpforms-field-text\" data-field-id=\"4\"><label class=\"wpforms-field-label\" for=\"wpforms-11281-field_4\">Nom de l&#039;entreprise <\/label><input type=\"text\" id=\"wpforms-11281-field_4\" class=\"wpforms-field-medium\" name=\"wpforms[fields][4]\" ><\/div><div id=\"wpforms-11281-field_1-container\" class=\"wpforms-field wpforms-field-email\" data-field-id=\"1\"><label class=\"wpforms-field-label\" for=\"wpforms-11281-field_1\">E-mail <span class=\"wpforms-required-label\">*<\/span><\/label><input type=\"email\" id=\"wpforms-11281-field_1\" class=\"wpforms-field-medium wpforms-field-required\" name=\"wpforms[fields][1]\" required><\/div><div id=\"wpforms-11281-field_3-container\" class=\"wpforms-field wpforms-field-number\" data-field-id=\"3\"><label class=\"wpforms-field-label\" for=\"wpforms-11281-field_3\">T\u00e9l\u00e9phone <span class=\"wpforms-required-label\">*<\/span><\/label><input type=\"number\" pattern=\"\\d*\" id=\"wpforms-11281-field_3\" class=\"wpforms-field-medium wpforms-field-required\" name=\"wpforms[fields][3]\" required><\/div><\/div><div class=\"wpforms-recaptcha-container wpforms-is-recaptcha\"><div class=\"g-recaptcha\" data-sitekey=\"6LdyQB4eAAAAADybr-SWMXZmBwOZHS71z-sJxyTL\"><\/div><input type=\"text\" name=\"g-recaptcha-hidden\" class=\"wpforms-recaptcha-hidden\" style=\"position:absolute!important;clip:rect(0,0,0,0)!important;height:1px!important;width:1px!important;border:0!important;overflow:hidden!important;padding:0!important;margin:0!important;\" required><\/div><div class=\"wpforms-submit-container\"><input type=\"hidden\" name=\"wpforms[id]\" value=\"11281\"><input type=\"hidden\" name=\"wpforms[author]\" value=\"25\"><button type=\"submit\" name=\"wpforms[submit]\" id=\"wpforms-submit-11281\" class=\"wpforms-submit\" data-alt-text=\"Envoi...\" data-submit-text=\"Envoyer\" aria-live=\"assertive\" value=\"wpforms-submit\">Envoyer<\/button><img decoding=\"async\" src=\"https:\/\/les-formations-pocheco.com\/wp-content\/plugins\/wpforms\/assets\/images\/submit-spin.svg\" class=\"wpforms-submit-spinner\" style=\"display: none;\" width=\"26\" height=\"26\" alt=\"Chargement en cours\"><\/div><\/form><\/div>  <!-- .wpforms-container --><\/p>\n<h5 style=\"color: #a6b340;\">Vous serez recontact\u00e9 dans les 48 heures<\/h5>\n","protected":false},"excerpt":{"rendered":"<p>La mobilisation collective permet d&rsquo;impliquer les \u00e9quipes d\u00e8s le commencement d&rsquo;un projet de transition pour en faire des acteurs cl\u00e9s de la d\u00e9marche environnementale de l&rsquo;entreprise. Parce que le changement&hellip;&nbsp;<a href=\"https:\/\/les-formations-pocheco.com\/index.php\/event\/12003\/\" class=\"\" rel=\"bookmark\">Lire la suite &raquo;<span class=\"screen-reader-text\">Mobiliser les \u00e9quipes pour une transition r\u00e9ussie &#8211; 2 jours<\/span><\/a><\/p>\n","protected":false},"author":25,"featured_media":8475,"comment_status":"open","ping_status":"closed","template":"","meta":{"_exactmetrics_skip_tracking":false,"_exactmetrics_sitenote_active":false,"_exactmetrics_sitenote_note":"","_exactmetrics_sitenote_category":0,"neve_meta_sidebar":"","neve_meta_container":"","neve_meta_enable_content_width":"","neve_meta_content_width":0,"neve_meta_title_alignment":"","neve_meta_author_avatar":"","neve_post_elements_order":"","neve_meta_disable_header":"","neve_meta_disable_footer":"","neve_meta_disable_title":"","_tribe_events_status":"","_tribe_events_status_reason":"","footnotes":""},"tags":[],"tribe_events_cat":[],"yoast_head":"<!-- This site is optimized with the Yoast SEO plugin v22.4 - https:\/\/yoast.com\/wordpress\/plugins\/seo\/ -->\n<title>Mobiliser les \u00e9quipes pour une transition r\u00e9ussie - 2 jours - Les formations Pocheco<\/title>\n<meta name=\"description\" content=\"Explorez notre calendrier de formations tout au long de l&#039;ann\u00e9e ax\u00e9es sur l&#039;\u00e9colonomie et la transition \u00e9cologique. D\u00e9couvrez comment int\u00e9grer les principes de l&#039;\u00e9colonomie dans votre vie et votre entreprise pour un impact positif sur la plan\u00e8te. Rejoignez-nous pour acqu\u00e9rir les connaissances et les comp\u00e9tences n\u00e9cessaires pour cr\u00e9er un avenir durable. Consultez notre programme d\u00e8s maintenant !\" \/>\n<meta name=\"robots\" content=\"index, follow, max-snippet:-1, max-image-preview:large, max-video-preview:-1\" \/>\n<link rel=\"canonical\" href=\"https:\/\/les-formations-pocheco.com\/index.php\/event\/12003\/\" \/>\n<meta property=\"og:locale\" content=\"fr_FR\" \/>\n<meta property=\"og:type\" content=\"article\" \/>\n<meta property=\"og:title\" content=\"Mobiliser les \u00e9quipes pour une transition r\u00e9ussie - 2 jours - Les formations Pocheco\" \/>\n<meta property=\"og:description\" content=\"Explorez notre calendrier de formations tout au long de l&#039;ann\u00e9e ax\u00e9es sur l&#039;\u00e9colonomie et la transition \u00e9cologique. D\u00e9couvrez comment int\u00e9grer les principes de l&#039;\u00e9colonomie dans votre vie et votre entreprise pour un impact positif sur la plan\u00e8te. Rejoignez-nous pour acqu\u00e9rir les connaissances et les comp\u00e9tences n\u00e9cessaires pour cr\u00e9er un avenir durable. Consultez notre programme d\u00e8s maintenant !\" \/>\n<meta property=\"og:url\" content=\"https:\/\/les-formations-pocheco.com\/index.php\/event\/12003\/\" \/>\n<meta property=\"og:site_name\" content=\"Les formations Pocheco\" \/>\n<meta property=\"article:modified_time\" content=\"2024-09-17T14:49:38+00:00\" \/>\n<meta property=\"og:image\" content=\"https:\/\/les-formations-pocheco.com\/wp-content\/uploads\/2023\/03\/PICTO-MOBILISATION-COLLECTIVE-1024x1020.png\" \/>\n\t<meta property=\"og:image:width\" content=\"1024\" \/>\n\t<meta property=\"og:image:height\" content=\"1020\" \/>\n\t<meta property=\"og:image:type\" content=\"image\/png\" \/>\n<meta name=\"twitter:card\" content=\"summary_large_image\" \/>\n<meta name=\"twitter:label1\" content=\"Dur\u00e9e de lecture estim\u00e9e\" \/>\n\t<meta name=\"twitter:data1\" content=\"1 minute\" \/>\n<script type=\"application\/ld+json\" class=\"yoast-schema-graph\">{\"@context\":\"https:\/\/schema.org\",\"@graph\":[{\"@type\":\"WebPage\",\"@id\":\"https:\/\/les-formations-pocheco.com\/index.php\/event\/12003\/\",\"url\":\"https:\/\/les-formations-pocheco.com\/index.php\/event\/12003\/\",\"name\":\"Mobiliser les \u00e9quipes pour une transition r\u00e9ussie - 2 jours - Les formations Pocheco\",\"isPartOf\":{\"@id\":\"https:\/\/les-formations-pocheco.com\/#website\"},\"primaryImageOfPage\":{\"@id\":\"https:\/\/les-formations-pocheco.com\/index.php\/event\/12003\/#primaryimage\"},\"image\":{\"@id\":\"https:\/\/les-formations-pocheco.com\/index.php\/event\/12003\/#primaryimage\"},\"thumbnailUrl\":\"https:\/\/les-formations-pocheco.com\/wp-content\/uploads\/2023\/03\/PICTO-MOBILISATION-COLLECTIVE-e1679310953851.png\",\"datePublished\":\"2024-09-17T14:48:07+00:00\",\"dateModified\":\"2024-09-17T14:49:38+00:00\",\"description\":\"Explorez notre calendrier de formations tout au long de l'ann\u00e9e ax\u00e9es sur l'\u00e9colonomie et la transition \u00e9cologique. D\u00e9couvrez comment int\u00e9grer les principes de l'\u00e9colonomie dans votre vie et votre entreprise pour un impact positif sur la plan\u00e8te. Rejoignez-nous pour acqu\u00e9rir les connaissances et les comp\u00e9tences n\u00e9cessaires pour cr\u00e9er un avenir durable. Consultez notre programme d\u00e8s maintenant !\",\"breadcrumb\":{\"@id\":\"https:\/\/les-formations-pocheco.com\/index.php\/event\/12003\/#breadcrumb\"},\"inLanguage\":\"fr-FR\",\"potentialAction\":[{\"@type\":\"ReadAction\",\"target\":[\"https:\/\/les-formations-pocheco.com\/index.php\/event\/12003\/\"]}]},{\"@type\":\"ImageObject\",\"inLanguage\":\"fr-FR\",\"@id\":\"https:\/\/les-formations-pocheco.com\/index.php\/event\/12003\/#primaryimage\",\"url\":\"https:\/\/les-formations-pocheco.com\/wp-content\/uploads\/2023\/03\/PICTO-MOBILISATION-COLLECTIVE-e1679310953851.png\",\"contentUrl\":\"https:\/\/les-formations-pocheco.com\/wp-content\/uploads\/2023\/03\/PICTO-MOBILISATION-COLLECTIVE-e1679310953851.png\",\"width\":300,\"height\":299,\"caption\":\"PictoMobilsation\"},{\"@type\":\"BreadcrumbList\",\"@id\":\"https:\/\/les-formations-pocheco.com\/index.php\/event\/12003\/#breadcrumb\",\"itemListElement\":[{\"@type\":\"ListItem\",\"position\":1,\"name\":\"Accueil\",\"item\":\"https:\/\/les-formations-pocheco.com\/\"},{\"@type\":\"ListItem\",\"position\":2,\"name\":\"\u00c9v\u00e8nements\",\"item\":\"https:\/\/les-formations-pocheco.com\/index.php\/events\/\"},{\"@type\":\"ListItem\",\"position\":3,\"name\":\"Mobiliser les \u00e9quipes pour une transition r\u00e9ussie &#8211; 2 jours\"}]},{\"@type\":\"WebSite\",\"@id\":\"https:\/\/les-formations-pocheco.com\/#website\",\"url\":\"https:\/\/les-formations-pocheco.com\/\",\"name\":\"Les formations Pocheco\",\"description\":\"\",\"publisher\":{\"@id\":\"https:\/\/les-formations-pocheco.com\/#organization\"},\"potentialAction\":[{\"@type\":\"SearchAction\",\"target\":{\"@type\":\"EntryPoint\",\"urlTemplate\":\"https:\/\/les-formations-pocheco.com\/?s={search_term_string}\"},\"query-input\":\"required name=search_term_string\"}],\"inLanguage\":\"fr-FR\"},{\"@type\":\"Organization\",\"@id\":\"https:\/\/les-formations-pocheco.com\/#organization\",\"name\":\"Les formations Pocheco\",\"url\":\"https:\/\/les-formations-pocheco.com\/\",\"logo\":{\"@type\":\"ImageObject\",\"inLanguage\":\"fr-FR\",\"@id\":\"https:\/\/les-formations-pocheco.com\/#\/schema\/logo\/image\/\",\"url\":\"https:\/\/les-formations-pocheco.com\/wp-content\/uploads\/2021\/10\/formations.png\",\"contentUrl\":\"https:\/\/les-formations-pocheco.com\/wp-content\/uploads\/2021\/10\/formations.png\",\"width\":500,\"height\":300,\"caption\":\"Les formations Pocheco\"},\"image\":{\"@id\":\"https:\/\/les-formations-pocheco.com\/#\/schema\/logo\/image\/\"}}]}<\/script>\n<!-- \/ Yoast SEO plugin. -->","yoast_head_json":{"title":"Mobiliser les \u00e9quipes pour une transition r\u00e9ussie - 2 jours - Les formations Pocheco","description":"Explorez notre calendrier de formations tout au long de l'ann\u00e9e ax\u00e9es sur l'\u00e9colonomie et la transition \u00e9cologique. D\u00e9couvrez comment int\u00e9grer les principes de l'\u00e9colonomie dans votre vie et votre entreprise pour un impact positif sur la plan\u00e8te. Rejoignez-nous pour acqu\u00e9rir les connaissances et les comp\u00e9tences n\u00e9cessaires pour cr\u00e9er un avenir durable. Consultez notre programme d\u00e8s maintenant !","robots":{"index":"index","follow":"follow","max-snippet":"max-snippet:-1","max-image-preview":"max-image-preview:large","max-video-preview":"max-video-preview:-1"},"canonical":"https:\/\/les-formations-pocheco.com\/index.php\/event\/12003\/","og_locale":"fr_FR","og_type":"article","og_title":"Mobiliser les \u00e9quipes pour une transition r\u00e9ussie - 2 jours - Les formations Pocheco","og_description":"Explorez notre calendrier de formations tout au long de l'ann\u00e9e ax\u00e9es sur l'\u00e9colonomie et la transition \u00e9cologique. D\u00e9couvrez comment int\u00e9grer les principes de l'\u00e9colonomie dans votre vie et votre entreprise pour un impact positif sur la plan\u00e8te. Rejoignez-nous pour acqu\u00e9rir les connaissances et les comp\u00e9tences n\u00e9cessaires pour cr\u00e9er un avenir durable. Consultez notre programme d\u00e8s maintenant !","og_url":"https:\/\/les-formations-pocheco.com\/index.php\/event\/12003\/","og_site_name":"Les formations Pocheco","article_modified_time":"2024-09-17T14:49:38+00:00","og_image":[{"width":1024,"height":1020,"url":"https:\/\/les-formations-pocheco.com\/wp-content\/uploads\/2023\/03\/PICTO-MOBILISATION-COLLECTIVE-1024x1020.png","type":"image\/png"}],"twitter_card":"summary_large_image","twitter_misc":{"Dur\u00e9e de lecture estim\u00e9e":"1 minute"},"schema":{"@context":"https:\/\/schema.org","@graph":[{"@type":"WebPage","@id":"https:\/\/les-formations-pocheco.com\/index.php\/event\/12003\/","url":"https:\/\/les-formations-pocheco.com\/index.php\/event\/12003\/","name":"Mobiliser les \u00e9quipes pour une transition r\u00e9ussie - 2 jours - Les formations Pocheco","isPartOf":{"@id":"https:\/\/les-formations-pocheco.com\/#website"},"primaryImageOfPage":{"@id":"https:\/\/les-formations-pocheco.com\/index.php\/event\/12003\/#primaryimage"},"image":{"@id":"https:\/\/les-formations-pocheco.com\/index.php\/event\/12003\/#primaryimage"},"thumbnailUrl":"https:\/\/les-formations-pocheco.com\/wp-content\/uploads\/2023\/03\/PICTO-MOBILISATION-COLLECTIVE-e1679310953851.png","datePublished":"2024-09-17T14:48:07+00:00","dateModified":"2024-09-17T14:49:38+00:00","description":"Explorez notre calendrier de formations tout au long de l'ann\u00e9e ax\u00e9es sur l'\u00e9colonomie et la transition \u00e9cologique. D\u00e9couvrez comment int\u00e9grer les principes de l'\u00e9colonomie dans votre vie et votre entreprise pour un impact positif sur la plan\u00e8te. Rejoignez-nous pour acqu\u00e9rir les connaissances et les comp\u00e9tences n\u00e9cessaires pour cr\u00e9er un avenir durable. Consultez notre programme d\u00e8s maintenant !","breadcrumb":{"@id":"https:\/\/les-formations-pocheco.com\/index.php\/event\/12003\/#breadcrumb"},"inLanguage":"fr-FR","potentialAction":[{"@type":"ReadAction","target":["https:\/\/les-formations-pocheco.com\/index.php\/event\/12003\/"]}]},{"@type":"ImageObject","inLanguage":"fr-FR","@id":"https:\/\/les-formations-pocheco.com\/index.php\/event\/12003\/#primaryimage","url":"https:\/\/les-formations-pocheco.com\/wp-content\/uploads\/2023\/03\/PICTO-MOBILISATION-COLLECTIVE-e1679310953851.png","contentUrl":"https:\/\/les-formations-pocheco.com\/wp-content\/uploads\/2023\/03\/PICTO-MOBILISATION-COLLECTIVE-e1679310953851.png","width":300,"height":299,"caption":"PictoMobilsation"},{"@type":"BreadcrumbList","@id":"https:\/\/les-formations-pocheco.com\/index.php\/event\/12003\/#breadcrumb","itemListElement":[{"@type":"ListItem","position":1,"name":"Accueil","item":"https:\/\/les-formations-pocheco.com\/"},{"@type":"ListItem","position":2,"name":"\u00c9v\u00e8nements","item":"https:\/\/les-formations-pocheco.com\/index.php\/events\/"},{"@type":"ListItem","position":3,"name":"Mobiliser les \u00e9quipes pour une transition r\u00e9ussie &#8211; 2 jours"}]},{"@type":"WebSite","@id":"https:\/\/les-formations-pocheco.com\/#website","url":"https:\/\/les-formations-pocheco.com\/","name":"Les formations Pocheco","description":"","publisher":{"@id":"https:\/\/les-formations-pocheco.com\/#organization"},"potentialAction":[{"@type":"SearchAction","target":{"@type":"EntryPoint","urlTemplate":"https:\/\/les-formations-pocheco.com\/?s={search_term_string}"},"query-input":"required name=search_term_string"}],"inLanguage":"fr-FR"},{"@type":"Organization","@id":"https:\/\/les-formations-pocheco.com\/#organization","name":"Les formations Pocheco","url":"https:\/\/les-formations-pocheco.com\/","logo":{"@type":"ImageObject","inLanguage":"fr-FR","@id":"https:\/\/les-formations-pocheco.com\/#\/schema\/logo\/image\/","url":"https:\/\/les-formations-pocheco.com\/wp-content\/uploads\/2021\/10\/formations.png","contentUrl":"https:\/\/les-formations-pocheco.com\/wp-content\/uploads\/2021\/10\/formations.png","width":500,"height":300,"caption":"Les formations Pocheco"},"image":{"@id":"https:\/\/les-formations-pocheco.com\/#\/schema\/logo\/image\/"}}]}},"_links":{"self":[{"href":"https:\/\/les-formations-pocheco.com\/index.php\/wp-json\/wp\/v2\/tribe_events\/12003"}],"collection":[{"href":"https:\/\/les-formations-pocheco.com\/index.php\/wp-json\/wp\/v2\/tribe_events"}],"about":[{"href":"https:\/\/les-formations-pocheco.com\/index.php\/wp-json\/wp\/v2\/types\/tribe_events"}],"author":[{"embeddable":true,"href":"https:\/\/les-formations-pocheco.com\/index.php\/wp-json\/wp\/v2\/users\/25"}],"replies":[{"embeddable":true,"href":"https:\/\/les-formations-pocheco.com\/index.php\/wp-json\/wp\/v2\/comments?post=12003"}],"version-history":[{"count":2,"href":"https:\/\/les-formations-pocheco.com\/index.php\/wp-json\/wp\/v2\/tribe_events\/12003\/revisions"}],"predecessor-version":[{"id":12005,"href":"https:\/\/les-formations-pocheco.com\/index.php\/wp-json\/wp\/v2\/tribe_events\/12003\/revisions\/12005"}],"wp:featuredmedia":[{"embeddable":true,"href":"https:\/\/les-formations-pocheco.com\/index.php\/wp-json\/wp\/v2\/media\/8475"}],"wp:attachment":[{"href":"https:\/\/les-formations-pocheco.com\/index.php\/wp-json\/wp\/v2\/media?parent=12003"}],"wp:term":[{"taxonomy":"post_tag","embeddable":true,"href":"https:\/\/les-formations-pocheco.com\/index.php\/wp-json\/wp\/v2\/tags?post=12003"},{"taxonomy":"tribe_events_cat","embeddable":true,"href":"https:\/\/les-formations-pocheco.com\/index.php\/wp-json\/wp\/v2\/tribe_events_cat?post=12003"}],"curies":[{"name":"wp","href":"https:\/\/api.w.org\/{rel}","templated":true}]}}