{"id":11791,"date":"2024-07-10T14:29:44","date_gmt":"2024-07-10T12:29:44","guid":{"rendered":"https:\/\/les-formations-pocheco.com\/?post_type=tribe_events&#038;p=11791"},"modified":"2025-10-15T13:36:53","modified_gmt":"2025-10-15T11:36:53","slug":"la-robustesse","status":"publish","type":"tribe_events","link":"https:\/\/les-formations-pocheco.com\/index.php\/event\/la-robustesse\/","title":{"rendered":"La Robustesse. Du concept \u00e0 l\u2019op\u00e9rationnel &#8211; 4 jours (r\u00e9partis sur 5)"},"content":{"rendered":"<p>Comment devenir robuste \u00e0 l&rsquo;\u00e9chelle de son entreprise, de<br \/>\nson r\u00e9seau professionnel, de son territoire, son association,<br \/>\nson projet ? En pr\u00e9sence d\u2018Olivier Hamant, biologiste et directeur<br \/>\nde recherche \u00e0 l\u2019INRAE, directeur de l\u2019Institut Michel Serres.<\/p>\n<p><a href=\"https:\/\/les-formations-pocheco.com\/wp-content\/uploads\/2025\/10\/Programme-Robustesse-POCHECO-OPTEOS-20251003-V3.pdf\">En savoir plus<\/a><\/p>\n<div class=\"wpforms-container \" id=\"wpforms-11815\"><form id=\"wpforms-form-11815\" class=\"wpforms-validate wpforms-form wpforms-ajax-form\" data-formid=\"11815\" method=\"post\" enctype=\"multipart\/form-data\" action=\"\/index.php\/wp-json\/wp\/v2\/tribe_events\/11791\" data-token=\"c0bfea85df769f33fa16c8edb39ee7d4\"><noscript class=\"wpforms-error-noscript\">Veuillez activer JavaScript dans votre navigateur pour remplir ce formulaire.<\/noscript><div class=\"wpforms-field-container\"><div id=\"wpforms-11815-field_0-container\" class=\"wpforms-field wpforms-field-name\" data-field-id=\"0\"><label class=\"wpforms-field-label\" for=\"wpforms-11815-field_0\">Qui \u00eates-vous ? <span class=\"wpforms-required-label\">*<\/span><\/label><div class=\"wpforms-field-row wpforms-field-medium\"><div class=\"wpforms-field-row-block wpforms-first wpforms-one-half\"><input type=\"text\" id=\"wpforms-11815-field_0\" class=\"wpforms-field-name-first wpforms-field-required\" name=\"wpforms[fields][0][first]\" placeholder=\"Pr\u00e9nom\" required><label for=\"wpforms-11815-field_0\" class=\"wpforms-field-sublabel after wpforms-sublabel-hide\">Pr\u00e9nom<\/label><\/div><div class=\"wpforms-field-row-block wpforms-one-half\"><input type=\"text\" id=\"wpforms-11815-field_0-last\" class=\"wpforms-field-name-last wpforms-field-required\" name=\"wpforms[fields][0][last]\" placeholder=\"Nom\" required><label for=\"wpforms-11815-field_0-last\" class=\"wpforms-field-sublabel after wpforms-sublabel-hide\">Nom<\/label><\/div><\/div><\/div><div id=\"wpforms-11815-field_4-container\" class=\"wpforms-field wpforms-field-text\" data-field-id=\"4\"><label class=\"wpforms-field-label\" for=\"wpforms-11815-field_4\">Nom de l&#039;entreprise <\/label><input type=\"text\" id=\"wpforms-11815-field_4\" class=\"wpforms-field-medium\" name=\"wpforms[fields][4]\" ><\/div><div id=\"wpforms-11815-field_1-container\" class=\"wpforms-field wpforms-field-email\" data-field-id=\"1\"><label class=\"wpforms-field-label\" for=\"wpforms-11815-field_1\">E-mail <span class=\"wpforms-required-label\">*<\/span><\/label><input type=\"email\" id=\"wpforms-11815-field_1\" class=\"wpforms-field-medium wpforms-field-required\" name=\"wpforms[fields][1]\" required><\/div><div id=\"wpforms-11815-field_3-container\" class=\"wpforms-field wpforms-field-number\" data-field-id=\"3\"><label class=\"wpforms-field-label\" for=\"wpforms-11815-field_3\">T\u00e9l\u00e9phone <span class=\"wpforms-required-label\">*<\/span><\/label><input type=\"number\" pattern=\"\\d*\" id=\"wpforms-11815-field_3\" class=\"wpforms-field-medium wpforms-field-required\" name=\"wpforms[fields][3]\" required><\/div><\/div><div class=\"wpforms-recaptcha-container wpforms-is-recaptcha\"><div class=\"g-recaptcha\" data-sitekey=\"6LdyQB4eAAAAADybr-SWMXZmBwOZHS71z-sJxyTL\"><\/div><input type=\"text\" name=\"g-recaptcha-hidden\" class=\"wpforms-recaptcha-hidden\" style=\"position:absolute!important;clip:rect(0,0,0,0)!important;height:1px!important;width:1px!important;border:0!important;overflow:hidden!important;padding:0!important;margin:0!important;\" required><\/div><div class=\"wpforms-submit-container\"><input type=\"hidden\" name=\"wpforms[id]\" value=\"11815\"><input type=\"hidden\" name=\"wpforms[author]\" value=\"25\"><button type=\"submit\" name=\"wpforms[submit]\" id=\"wpforms-submit-11815\" class=\"wpforms-submit\" data-alt-text=\"Envoi...\" data-submit-text=\"Envoyer\" aria-live=\"assertive\" value=\"wpforms-submit\">Envoyer<\/button><img decoding=\"async\" src=\"https:\/\/les-formations-pocheco.com\/wp-content\/plugins\/wpforms\/assets\/images\/submit-spin.svg\" class=\"wpforms-submit-spinner\" style=\"display: none;\" width=\"26\" height=\"26\" alt=\"Chargement en cours\"><\/div><\/form><\/div>  <!-- .wpforms-container -->\n","protected":false},"excerpt":{"rendered":"<p>Comment devenir robuste \u00e0 l&rsquo;\u00e9chelle de son entreprise, de son r\u00e9seau professionnel, de son territoire, son association, son projet ? En pr\u00e9sence d\u2018Olivier Hamant, biologiste et directeur de recherche \u00e0&hellip;&nbsp;<a href=\"https:\/\/les-formations-pocheco.com\/index.php\/event\/la-robustesse\/\" class=\"\" rel=\"bookmark\">Lire la suite &raquo;<span class=\"screen-reader-text\">La Robustesse. Du concept \u00e0 l\u2019op\u00e9rationnel &#8211; 4 jours (r\u00e9partis sur 5)<\/span><\/a><\/p>\n","protected":false},"author":25,"featured_media":12516,"comment_status":"open","ping_status":"closed","template":"","meta":{"_exactmetrics_skip_tracking":false,"_exactmetrics_sitenote_active":false,"_exactmetrics_sitenote_note":"","_exactmetrics_sitenote_category":0,"neve_meta_sidebar":"","neve_meta_container":"","neve_meta_enable_content_width":"","neve_meta_content_width":0,"neve_meta_title_alignment":"","neve_meta_author_avatar":"","neve_post_elements_order":"","neve_meta_disable_header":"","neve_meta_disable_footer":"","neve_meta_disable_title":"","_tribe_events_status":"","_tribe_events_status_reason":"","footnotes":""},"tags":[],"tribe_events_cat":[],"yoast_head":"<!-- This site is optimized with the Yoast SEO plugin v22.4 - https:\/\/yoast.com\/wordpress\/plugins\/seo\/ -->\n<title>La Robustesse. Du concept \u00e0 l\u2019op\u00e9rationnel - 4 jours (r\u00e9partis sur 5) - Les formations Pocheco<\/title>\n<meta name=\"description\" content=\"Explorez notre calendrier de formations tout au long de l&#039;ann\u00e9e ax\u00e9es sur l&#039;\u00e9colonomie et la transition \u00e9cologique. D\u00e9couvrez comment int\u00e9grer les principes de l&#039;\u00e9colonomie dans votre vie et votre entreprise pour un impact positif sur la plan\u00e8te. Rejoignez-nous pour acqu\u00e9rir les connaissances et les comp\u00e9tences n\u00e9cessaires pour cr\u00e9er un avenir durable. Consultez notre programme d\u00e8s maintenant !\" \/>\n<meta name=\"robots\" content=\"index, follow, max-snippet:-1, max-image-preview:large, max-video-preview:-1\" \/>\n<link rel=\"canonical\" href=\"https:\/\/les-formations-pocheco.com\/index.php\/event\/la-robustesse\/\" \/>\n<meta property=\"og:locale\" content=\"fr_FR\" \/>\n<meta property=\"og:type\" content=\"article\" \/>\n<meta property=\"og:title\" content=\"La Robustesse. Du concept \u00e0 l\u2019op\u00e9rationnel - 4 jours (r\u00e9partis sur 5) - Les formations Pocheco\" \/>\n<meta property=\"og:description\" content=\"Explorez notre calendrier de formations tout au long de l&#039;ann\u00e9e ax\u00e9es sur l&#039;\u00e9colonomie et la transition \u00e9cologique. D\u00e9couvrez comment int\u00e9grer les principes de l&#039;\u00e9colonomie dans votre vie et votre entreprise pour un impact positif sur la plan\u00e8te. Rejoignez-nous pour acqu\u00e9rir les connaissances et les comp\u00e9tences n\u00e9cessaires pour cr\u00e9er un avenir durable. Consultez notre programme d\u00e8s maintenant !\" \/>\n<meta property=\"og:url\" content=\"https:\/\/les-formations-pocheco.com\/index.php\/event\/la-robustesse\/\" \/>\n<meta property=\"og:site_name\" content=\"Les formations Pocheco\" \/>\n<meta property=\"article:modified_time\" content=\"2025-10-15T11:36:53+00:00\" \/>\n<meta property=\"og:image\" content=\"https:\/\/les-formations-pocheco.com\/wp-content\/uploads\/2024\/07\/vallee-de-l-ecolonomie-scaled.jpg\" \/>\n\t<meta property=\"og:image:width\" content=\"2560\" \/>\n\t<meta property=\"og:image:height\" content=\"1882\" \/>\n\t<meta property=\"og:image:type\" content=\"image\/jpeg\" \/>\n<meta name=\"twitter:card\" content=\"summary_large_image\" \/>\n<meta name=\"twitter:label1\" content=\"Dur\u00e9e de lecture estim\u00e9e\" \/>\n\t<meta name=\"twitter:data1\" content=\"1 minute\" \/>\n<script type=\"application\/ld+json\" class=\"yoast-schema-graph\">{\"@context\":\"https:\/\/schema.org\",\"@graph\":[{\"@type\":\"WebPage\",\"@id\":\"https:\/\/les-formations-pocheco.com\/index.php\/event\/la-robustesse\/\",\"url\":\"https:\/\/les-formations-pocheco.com\/index.php\/event\/la-robustesse\/\",\"name\":\"La Robustesse. Du concept \u00e0 l\u2019op\u00e9rationnel - 4 jours (r\u00e9partis sur 5) - Les formations Pocheco\",\"isPartOf\":{\"@id\":\"https:\/\/les-formations-pocheco.com\/#website\"},\"primaryImageOfPage\":{\"@id\":\"https:\/\/les-formations-pocheco.com\/index.php\/event\/la-robustesse\/#primaryimage\"},\"image\":{\"@id\":\"https:\/\/les-formations-pocheco.com\/index.php\/event\/la-robustesse\/#primaryimage\"},\"thumbnailUrl\":\"https:\/\/les-formations-pocheco.com\/wp-content\/uploads\/2024\/07\/vallee-de-l-ecolonomie-scaled.jpg\",\"datePublished\":\"2024-07-10T12:29:44+00:00\",\"dateModified\":\"2025-10-15T11:36:53+00:00\",\"description\":\"Explorez notre calendrier de formations tout au long de l'ann\u00e9e ax\u00e9es sur l'\u00e9colonomie et la transition \u00e9cologique. D\u00e9couvrez comment int\u00e9grer les principes de l'\u00e9colonomie dans votre vie et votre entreprise pour un impact positif sur la plan\u00e8te. Rejoignez-nous pour acqu\u00e9rir les connaissances et les comp\u00e9tences n\u00e9cessaires pour cr\u00e9er un avenir durable. Consultez notre programme d\u00e8s maintenant !\",\"breadcrumb\":{\"@id\":\"https:\/\/les-formations-pocheco.com\/index.php\/event\/la-robustesse\/#breadcrumb\"},\"inLanguage\":\"fr-FR\",\"potentialAction\":[{\"@type\":\"ReadAction\",\"target\":[\"https:\/\/les-formations-pocheco.com\/index.php\/event\/la-robustesse\/\"]}]},{\"@type\":\"ImageObject\",\"inLanguage\":\"fr-FR\",\"@id\":\"https:\/\/les-formations-pocheco.com\/index.php\/event\/la-robustesse\/#primaryimage\",\"url\":\"https:\/\/les-formations-pocheco.com\/wp-content\/uploads\/2024\/07\/vallee-de-l-ecolonomie-scaled.jpg\",\"contentUrl\":\"https:\/\/les-formations-pocheco.com\/wp-content\/uploads\/2024\/07\/vallee-de-l-ecolonomie-scaled.jpg\",\"width\":2560,\"height\":1882,\"caption\":\"Vall\u00e9e de l'\u00e9colonomie\"},{\"@type\":\"BreadcrumbList\",\"@id\":\"https:\/\/les-formations-pocheco.com\/index.php\/event\/la-robustesse\/#breadcrumb\",\"itemListElement\":[{\"@type\":\"ListItem\",\"position\":1,\"name\":\"Accueil\",\"item\":\"https:\/\/les-formations-pocheco.com\/\"},{\"@type\":\"ListItem\",\"position\":2,\"name\":\"\u00c9v\u00e8nements\",\"item\":\"https:\/\/les-formations-pocheco.com\/index.php\/events\/\"},{\"@type\":\"ListItem\",\"position\":3,\"name\":\"La Robustesse. Du concept \u00e0 l\u2019op\u00e9rationnel &#8211; 4 jours (r\u00e9partis sur 5)\"}]},{\"@type\":\"WebSite\",\"@id\":\"https:\/\/les-formations-pocheco.com\/#website\",\"url\":\"https:\/\/les-formations-pocheco.com\/\",\"name\":\"Les formations Pocheco\",\"description\":\"\",\"publisher\":{\"@id\":\"https:\/\/les-formations-pocheco.com\/#organization\"},\"potentialAction\":[{\"@type\":\"SearchAction\",\"target\":{\"@type\":\"EntryPoint\",\"urlTemplate\":\"https:\/\/les-formations-pocheco.com\/?s={search_term_string}\"},\"query-input\":\"required name=search_term_string\"}],\"inLanguage\":\"fr-FR\"},{\"@type\":\"Organization\",\"@id\":\"https:\/\/les-formations-pocheco.com\/#organization\",\"name\":\"Les formations Pocheco\",\"url\":\"https:\/\/les-formations-pocheco.com\/\",\"logo\":{\"@type\":\"ImageObject\",\"inLanguage\":\"fr-FR\",\"@id\":\"https:\/\/les-formations-pocheco.com\/#\/schema\/logo\/image\/\",\"url\":\"https:\/\/les-formations-pocheco.com\/wp-content\/uploads\/2021\/10\/formations.png\",\"contentUrl\":\"https:\/\/les-formations-pocheco.com\/wp-content\/uploads\/2021\/10\/formations.png\",\"width\":500,\"height\":300,\"caption\":\"Les formations Pocheco\"},\"image\":{\"@id\":\"https:\/\/les-formations-pocheco.com\/#\/schema\/logo\/image\/\"}}]}<\/script>\n<!-- \/ Yoast SEO plugin. -->","yoast_head_json":{"title":"La Robustesse. Du concept \u00e0 l\u2019op\u00e9rationnel - 4 jours (r\u00e9partis sur 5) - Les formations Pocheco","description":"Explorez notre calendrier de formations tout au long de l'ann\u00e9e ax\u00e9es sur l'\u00e9colonomie et la transition \u00e9cologique. D\u00e9couvrez comment int\u00e9grer les principes de l'\u00e9colonomie dans votre vie et votre entreprise pour un impact positif sur la plan\u00e8te. Rejoignez-nous pour acqu\u00e9rir les connaissances et les comp\u00e9tences n\u00e9cessaires pour cr\u00e9er un avenir durable. Consultez notre programme d\u00e8s maintenant !","robots":{"index":"index","follow":"follow","max-snippet":"max-snippet:-1","max-image-preview":"max-image-preview:large","max-video-preview":"max-video-preview:-1"},"canonical":"https:\/\/les-formations-pocheco.com\/index.php\/event\/la-robustesse\/","og_locale":"fr_FR","og_type":"article","og_title":"La Robustesse. Du concept \u00e0 l\u2019op\u00e9rationnel - 4 jours (r\u00e9partis sur 5) - Les formations Pocheco","og_description":"Explorez notre calendrier de formations tout au long de l'ann\u00e9e ax\u00e9es sur l'\u00e9colonomie et la transition \u00e9cologique. D\u00e9couvrez comment int\u00e9grer les principes de l'\u00e9colonomie dans votre vie et votre entreprise pour un impact positif sur la plan\u00e8te. Rejoignez-nous pour acqu\u00e9rir les connaissances et les comp\u00e9tences n\u00e9cessaires pour cr\u00e9er un avenir durable. Consultez notre programme d\u00e8s maintenant !","og_url":"https:\/\/les-formations-pocheco.com\/index.php\/event\/la-robustesse\/","og_site_name":"Les formations Pocheco","article_modified_time":"2025-10-15T11:36:53+00:00","og_image":[{"width":2560,"height":1882,"url":"https:\/\/les-formations-pocheco.com\/wp-content\/uploads\/2024\/07\/vallee-de-l-ecolonomie-scaled.jpg","type":"image\/jpeg"}],"twitter_card":"summary_large_image","twitter_misc":{"Dur\u00e9e de lecture estim\u00e9e":"1 minute"},"schema":{"@context":"https:\/\/schema.org","@graph":[{"@type":"WebPage","@id":"https:\/\/les-formations-pocheco.com\/index.php\/event\/la-robustesse\/","url":"https:\/\/les-formations-pocheco.com\/index.php\/event\/la-robustesse\/","name":"La Robustesse. Du concept \u00e0 l\u2019op\u00e9rationnel - 4 jours (r\u00e9partis sur 5) - Les formations Pocheco","isPartOf":{"@id":"https:\/\/les-formations-pocheco.com\/#website"},"primaryImageOfPage":{"@id":"https:\/\/les-formations-pocheco.com\/index.php\/event\/la-robustesse\/#primaryimage"},"image":{"@id":"https:\/\/les-formations-pocheco.com\/index.php\/event\/la-robustesse\/#primaryimage"},"thumbnailUrl":"https:\/\/les-formations-pocheco.com\/wp-content\/uploads\/2024\/07\/vallee-de-l-ecolonomie-scaled.jpg","datePublished":"2024-07-10T12:29:44+00:00","dateModified":"2025-10-15T11:36:53+00:00","description":"Explorez notre calendrier de formations tout au long de l'ann\u00e9e ax\u00e9es sur l'\u00e9colonomie et la transition \u00e9cologique. D\u00e9couvrez comment int\u00e9grer les principes de l'\u00e9colonomie dans votre vie et votre entreprise pour un impact positif sur la plan\u00e8te. Rejoignez-nous pour acqu\u00e9rir les connaissances et les comp\u00e9tences n\u00e9cessaires pour cr\u00e9er un avenir durable. Consultez notre programme d\u00e8s maintenant !","breadcrumb":{"@id":"https:\/\/les-formations-pocheco.com\/index.php\/event\/la-robustesse\/#breadcrumb"},"inLanguage":"fr-FR","potentialAction":[{"@type":"ReadAction","target":["https:\/\/les-formations-pocheco.com\/index.php\/event\/la-robustesse\/"]}]},{"@type":"ImageObject","inLanguage":"fr-FR","@id":"https:\/\/les-formations-pocheco.com\/index.php\/event\/la-robustesse\/#primaryimage","url":"https:\/\/les-formations-pocheco.com\/wp-content\/uploads\/2024\/07\/vallee-de-l-ecolonomie-scaled.jpg","contentUrl":"https:\/\/les-formations-pocheco.com\/wp-content\/uploads\/2024\/07\/vallee-de-l-ecolonomie-scaled.jpg","width":2560,"height":1882,"caption":"Vall\u00e9e de l'\u00e9colonomie"},{"@type":"BreadcrumbList","@id":"https:\/\/les-formations-pocheco.com\/index.php\/event\/la-robustesse\/#breadcrumb","itemListElement":[{"@type":"ListItem","position":1,"name":"Accueil","item":"https:\/\/les-formations-pocheco.com\/"},{"@type":"ListItem","position":2,"name":"\u00c9v\u00e8nements","item":"https:\/\/les-formations-pocheco.com\/index.php\/events\/"},{"@type":"ListItem","position":3,"name":"La Robustesse. Du concept \u00e0 l\u2019op\u00e9rationnel &#8211; 4 jours (r\u00e9partis sur 5)"}]},{"@type":"WebSite","@id":"https:\/\/les-formations-pocheco.com\/#website","url":"https:\/\/les-formations-pocheco.com\/","name":"Les formations Pocheco","description":"","publisher":{"@id":"https:\/\/les-formations-pocheco.com\/#organization"},"potentialAction":[{"@type":"SearchAction","target":{"@type":"EntryPoint","urlTemplate":"https:\/\/les-formations-pocheco.com\/?s={search_term_string}"},"query-input":"required name=search_term_string"}],"inLanguage":"fr-FR"},{"@type":"Organization","@id":"https:\/\/les-formations-pocheco.com\/#organization","name":"Les formations Pocheco","url":"https:\/\/les-formations-pocheco.com\/","logo":{"@type":"ImageObject","inLanguage":"fr-FR","@id":"https:\/\/les-formations-pocheco.com\/#\/schema\/logo\/image\/","url":"https:\/\/les-formations-pocheco.com\/wp-content\/uploads\/2021\/10\/formations.png","contentUrl":"https:\/\/les-formations-pocheco.com\/wp-content\/uploads\/2021\/10\/formations.png","width":500,"height":300,"caption":"Les formations Pocheco"},"image":{"@id":"https:\/\/les-formations-pocheco.com\/#\/schema\/logo\/image\/"}}]}},"_links":{"self":[{"href":"https:\/\/les-formations-pocheco.com\/index.php\/wp-json\/wp\/v2\/tribe_events\/11791"}],"collection":[{"href":"https:\/\/les-formations-pocheco.com\/index.php\/wp-json\/wp\/v2\/tribe_events"}],"about":[{"href":"https:\/\/les-formations-pocheco.com\/index.php\/wp-json\/wp\/v2\/types\/tribe_events"}],"author":[{"embeddable":true,"href":"https:\/\/les-formations-pocheco.com\/index.php\/wp-json\/wp\/v2\/users\/25"}],"replies":[{"embeddable":true,"href":"https:\/\/les-formations-pocheco.com\/index.php\/wp-json\/wp\/v2\/comments?post=11791"}],"version-history":[{"count":12,"href":"https:\/\/les-formations-pocheco.com\/index.php\/wp-json\/wp\/v2\/tribe_events\/11791\/revisions"}],"predecessor-version":[{"id":12587,"href":"https:\/\/les-formations-pocheco.com\/index.php\/wp-json\/wp\/v2\/tribe_events\/11791\/revisions\/12587"}],"wp:featuredmedia":[{"embeddable":true,"href":"https:\/\/les-formations-pocheco.com\/index.php\/wp-json\/wp\/v2\/media\/12516"}],"wp:attachment":[{"href":"https:\/\/les-formations-pocheco.com\/index.php\/wp-json\/wp\/v2\/media?parent=11791"}],"wp:term":[{"taxonomy":"post_tag","embeddable":true,"href":"https:\/\/les-formations-pocheco.com\/index.php\/wp-json\/wp\/v2\/tags?post=11791"},{"taxonomy":"tribe_events_cat","embeddable":true,"href":"https:\/\/les-formations-pocheco.com\/index.php\/wp-json\/wp\/v2\/tribe_events_cat?post=11791"}],"curies":[{"name":"wp","href":"https:\/\/api.w.org\/{rel}","templated":true}]}}