{"version":"1.0","provider_name":"Les formations Pocheco","provider_url":"https:\/\/les-formations-pocheco.com","author_name":"Antoine Wanda","author_url":"https:\/\/les-formations-pocheco.com\/index.php\/author\/antoinew1p6zprle1598\/","title":"La Robustesse. Du concept \u00e0 l\u2019op\u00e9rationnel - 4 jours (r\u00e9partis sur 5) - Les formations Pocheco","type":"rich","width":600,"height":338,"html":"<blockquote class=\"wp-embedded-content\" data-secret=\"MKjp5d2nbi\"><a href=\"https:\/\/les-formations-pocheco.com\/index.php\/event\/la-robustesse\/\">La Robustesse. Du concept \u00e0 l\u2019op\u00e9rationnel &#8211; 4 jours (r\u00e9partis sur 5)<\/a><\/blockquote><iframe sandbox=\"allow-scripts\" security=\"restricted\" src=\"https:\/\/les-formations-pocheco.com\/index.php\/event\/la-robustesse\/embed\/#?secret=MKjp5d2nbi\" width=\"600\" height=\"338\" title=\"\u00ab\u00a0La Robustesse. Du concept \u00e0 l\u2019op\u00e9rationnel &#8211; 4 jours (r\u00e9partis sur 5)\u00a0\u00bb &#8212; Les formations Pocheco\" data-secret=\"MKjp5d2nbi\" frameborder=\"0\" marginwidth=\"0\" marginheight=\"0\" scrolling=\"no\" class=\"wp-embedded-content\"><\/iframe><script>\n\/*! This file is auto-generated *\/\n!function(d,l){\"use strict\";l.querySelector&&d.addEventListener&&\"undefined\"!=typeof URL&&(d.wp=d.wp||{},d.wp.receiveEmbedMessage||(d.wp.receiveEmbedMessage=function(e){var t=e.data;if((t||t.secret||t.message||t.value)&&!\/[^a-zA-Z0-9]\/.test(t.secret)){for(var s,r,n,a=l.querySelectorAll('iframe[data-secret=\"'+t.secret+'\"]'),o=l.querySelectorAll('blockquote[data-secret=\"'+t.secret+'\"]'),c=new RegExp(\"^https?:$\",\"i\"),i=0;i<o.length;i++)o[i].style.display=\"none\";for(i=0;i<a.length;i++)s=a[i],e.source===s.contentWindow&&(s.removeAttribute(\"style\"),\"height\"===t.message?(1e3<(r=parseInt(t.value,10))?r=1e3:~~r<200&&(r=200),s.height=r):\"link\"===t.message&&(r=new URL(s.getAttribute(\"src\")),n=new URL(t.value),c.test(n.protocol))&&n.host===r.host&&l.activeElement===s&&(d.top.location.href=t.value))}},d.addEventListener(\"message\",d.wp.receiveEmbedMessage,!1),l.addEventListener(\"DOMContentLoaded\",function(){for(var e,t,s=l.querySelectorAll(\"iframe.wp-embedded-content\"),r=0;r<s.length;r++)(t=(e=s[r]).getAttribute(\"data-secret\"))||(t=Math.random().toString(36).substring(2,12),e.src+=\"#?secret=\"+t,e.setAttribute(\"data-secret\",t)),e.contentWindow.postMessage({message:\"ready\",secret:t},\"*\")},!1)))}(window,document);\n<\/script>\n","thumbnail_url":"https:\/\/les-formations-pocheco.com\/wp-content\/uploads\/2024\/07\/vallee-de-l-ecolonomie-scaled.jpg","thumbnail_width":2560,"thumbnail_height":1882,"description":"Explorez notre calendrier de formations tout au long de l'ann\u00e9e ax\u00e9es sur l'\u00e9colonomie et la transition \u00e9cologique. D\u00e9couvrez comment int\u00e9grer les principes de l'\u00e9colonomie dans votre vie et votre entreprise pour un impact positif sur la plan\u00e8te. Rejoignez-nous pour acqu\u00e9rir les connaissances et les comp\u00e9tences n\u00e9cessaires pour cr\u00e9er un avenir durable. Consultez notre programme d\u00e8s maintenant !"}